{"version":"1.0","provider_name":"Century 21 Macintyre","provider_url":"https:\/\/c21macintyre.com\/fr\/","author_name":"id3tech","author_url":"https:\/\/c21macintyre.com\/fr\/author\/id3tech\/","title":"Vous envisagez une carri\u00e8re en immoblier? - Century 21 Macintyre","type":"rich","width":600,"height":338,"html":"<blockquote class=\"wp-embedded-content\" data-secret=\"A3PBqkQky0\"><a href=\"https:\/\/c21macintyre.com\/fr\/carriere\/vous-envisagez-une-carriere-en-immoblier-2\/\">Vous envisagez une carri\u00e8re en immoblier?<\/a><\/blockquote><iframe sandbox=\"allow-scripts\" security=\"restricted\" src=\"https:\/\/c21macintyre.com\/fr\/carriere\/vous-envisagez-une-carriere-en-immoblier-2\/embed\/#?secret=A3PBqkQky0\" width=\"600\" height=\"338\" title=\"\u00ab\u00a0Vous envisagez une carri\u00e8re en immoblier?\u00a0\u00bb &#8212; Century 21 Macintyre\" data-secret=\"A3PBqkQky0\" frameborder=\"0\" marginwidth=\"0\" marginheight=\"0\" scrolling=\"no\" class=\"wp-embedded-content\"><\/iframe><script type=\"text\/javascript\">\n\/* <![CDATA[ *\/\n\/*! This file is auto-generated *\/\n!function(d,l){\"use strict\";l.querySelector&&d.addEventListener&&\"undefined\"!=typeof URL&&(d.wp=d.wp||{},d.wp.receiveEmbedMessage||(d.wp.receiveEmbedMessage=function(e){var t=e.data;if((t||t.secret||t.message||t.value)&&!\/[^a-zA-Z0-9]\/.test(t.secret)){for(var s,r,n,a=l.querySelectorAll('iframe[data-secret=\"'+t.secret+'\"]'),o=l.querySelectorAll('blockquote[data-secret=\"'+t.secret+'\"]'),c=new RegExp(\"^https?:$\",\"i\"),i=0;i<o.length;i++)o[i].style.display=\"none\";for(i=0;i<a.length;i++)s=a[i],e.source===s.contentWindow&&(s.removeAttribute(\"style\"),\"height\"===t.message?(1e3<(r=parseInt(t.value,10))?r=1e3:~~r<200&&(r=200),s.height=r):\"link\"===t.message&&(r=new URL(s.getAttribute(\"src\")),n=new URL(t.value),c.test(n.protocol))&&n.host===r.host&&l.activeElement===s&&(d.top.location.href=t.value))}},d.addEventListener(\"message\",d.wp.receiveEmbedMessage,!1),l.addEventListener(\"DOMContentLoaded\",function(){for(var e,t,s=l.querySelectorAll(\"iframe.wp-embedded-content\"),r=0;r<s.length;r++)(t=(e=s[r]).getAttribute(\"data-secret\"))||(t=Math.random().toString(36).substring(2,12),e.src+=\"#?secret=\"+t,e.setAttribute(\"data-secret\",t)),e.contentWindow.postMessage({message:\"ready\",secret:t},\"*\")},!1)))}(window,document);\n\/* ]]> *\/\n<\/script>\n","description":"Vous envisagez une carri\u00e8re en immoblier? R\u00e9ussir avec C21 PR\u00caT POUR UNE CARRI\u00c8RE DANS L\u2019IMMOBILIER? Lancez-vous dans une carri\u00e8re enrichissante o\u00f9 vous \u00eates votre propre patron et programmez votre propre horaire. Maintenant, imaginez le soutien et le savoir dont vous profiterez en vous alliant \u00e0 l\u2019une des marques immobili\u00e8res les plus reconnues dans le monde. [&hellip;]"}